{"id":6263,"date":"2024-04-26T19:35:49","date_gmt":"2024-04-26T17:35:49","guid":{"rendered":"https:\/\/www.narsa-securiteroutiere.ma\/?page_id=6263"},"modified":"2024-11-12T18:57:41","modified_gmt":"2024-11-12T17:57:41","slug":"tous-articles","status":"publish","type":"page","link":"https:\/\/www.narsa-securiteroutiere.ma\/fr\/tous-articles\/","title":{"rendered":"Tous les articles"},"content":{"rendered":"\t\t<div data-elementor-type=\"wp-page\" data-elementor-id=\"6263\" class=\"elementor elementor-6263\">\n\t\t\t\t<div class=\"elementor-element elementor-element-0764ce8 e-flex e-con-boxed e-con e-parent\" data-id=\"0764ce8\" data-element_type=\"container\" data-e-type=\"container\">\n\t\t\t\t\t<div class=\"e-con-inner\">\n\t\t\t\t<div class=\"elementor-element elementor-element-0b50cfe elementor-widget elementor-widget-html\" data-id=\"0b50cfe\" data-element_type=\"widget\" data-e-type=\"widget\" data-widget_type=\"html.default\">\n\t\t\t\t<div class=\"elementor-widget-container\">\n\t\t\t\t\t\t\t\t\t<\/div>\n\t\t\t\t<\/div>\n\t\t\t\t\t<\/div>\n\t\t\t\t<\/div>\n\t\t<div class=\"elementor-element elementor-element-e94d118 e-flex e-con-boxed e-con e-parent\" data-id=\"e94d118\" data-element_type=\"container\" data-e-type=\"container\">\n\t\t\t\t\t<div class=\"e-con-inner\">\n\t\t\t\t<div class=\"elementor-element elementor-element-28c2611 elementor-widget elementor-widget-html\" data-id=\"28c2611\" data-element_type=\"widget\" data-e-type=\"widget\" data-widget_type=\"html.default\">\n\t\t\t\t<div class=\"elementor-widget-container\">\n\t\t\t\t\t\t\t\t\t<\/div>\n\t\t\t\t<\/div>\n\t\t\t\t\t<\/div>\n\t\t\t\t<\/div>\n\t\t<div class=\"elementor-element elementor-element-3bf9a92 e-flex e-con-boxed e-con e-parent\" data-id=\"3bf9a92\" data-element_type=\"container\" data-e-type=\"container\">\n\t\t\t\t\t<div class=\"e-con-inner\">\n\t\t\t\t<div class=\"elementor-element elementor-element-6524c7a elementor-widget elementor-widget-katen-post-twelve\" data-id=\"6524c7a\" data-element_type=\"widget\" data-e-type=\"widget\" data-widget_type=\"katen-post-twelve.default\">\n\t\t\t\t<div class=\"elementor-widget-container\">\n\t\t\t\t\t\t\t<div class=\"row gy-4 infinite-wrapper\">\r\n\r\n\t\t\t\r\n\t\t\t\t<div class=\"col-md-6 col-lg-4 post-item\">\r\n\t\t\t\t\t<div id=\"post-7673\" class=\"post post-grid rounded bordered post-7673 type-post status-publish format-standard has-post-thumbnail hentry category-securite-routiere tag-francais\">\r\n\t\t\t\t\t\t\t\t\t\t\t\t\t<div class=\"thumb top-rounded\">\r\n\t\t\t\t\t\t\t\t<a href=\"https:\/\/www.narsa-securiteroutiere.ma\/fr\/category\/securite-routiere\/\" class=\"category-badge position-absolute\">S\u00e9curit\u00e9 routi\u00e8re<\/a>\t\t\t\t\t\t\t\t<div class=\"inner\">\r\n\t\t\t\t\t\t\t\t\t<a href=\"https:\/\/www.narsa-securiteroutiere.ma\/fr\/la-securite-routiere-partie-integrante-du-systeme-de-securite-au-travail\/\"><img fetchpriority=\"high\" decoding=\"async\" width=\"550\" height=\"367\" src=\"https:\/\/www.narsa-securiteroutiere.ma\/wp-content\/uploads\/2026\/04\/article-img-jmst-blog-550x367.png\" class=\"attachment-katen-thumb-grid size-katen-thumb-grid wp-post-image\" alt=\"\" \/><\/a>\t\t\t\t\t\t\t\t<\/div>\r\n\t\t\t\t\t\t\t<\/div>\r\n\t\t\t\t\t\t\t\t\t\t\t\t<div class=\"details\">\r\n\r\n\t\t\t\t\t\t\t<ul class=\"meta list-inline mb-0\">\r\n\t\t\t\t\t\t\t\t\t\t\t\t\t\t\t\t\t<li class=\"list-inline-item\">28 Avr 2026<\/li>\r\n\t\t\t\t\t\t\t\t\t\t\t\t\t\t\t<\/ul>\r\n\r\n\t\t\t\t\t\t\t<h5 class=\"post-title mb-3 mt-3\"><a href=\"https:\/\/www.narsa-securiteroutiere.ma\/fr\/la-securite-routiere-partie-integrante-du-systeme-de-securite-au-travail\/\">La s\u00e9curit\u00e9 routi\u00e8re partie int\u00e9grante du syst\u00e8me de s\u00e9curit\u00e9 au travail<\/a><\/h5>\r\n\t\t\t\t\t\t\t<p class=\"excerpt mb-0\">\r\n\t\t\t\t\t\t\t\tLa Journ\u00e9e mondiale de la s\u00e9curit\u00e9 et de la sant\u00e9 au travail, c\u00e9l\u00e9br\u00e9e le 28 avril de chaque ann\u00e9e, constitue\u2026\t\t\t\t\t\t\t<\/p>\r\n\t\t\t\t\t\t<\/div>\r\n\t\t\t\t\t\t<div class=\"post-bottom clearfix d-flex align-items-center\">\r\n\t\t\t\t\t\t\t\n    <div class=\"social-share me-auto\">\n        <button class=\"toggle-button icon-share\"><\/button>\n        <ul class=\"icons list-unstyled list-inline mb-0\">\n            <li class=\"list-inline-item\"><a href=\"https:\/\/www.facebook.com\/sharer\/sharer.php?u=https:\/\/www.narsa-securiteroutiere.ma\/fr\/la-securite-routiere-partie-integrante-du-systeme-de-securite-au-travail\/\" target=\"_blank\"><i class=\"fab fa-facebook-f\"><\/i><\/a><\/li>\n            <li class=\"list-inline-item\"><a href=\"https:\/\/twitter.com\/intent\/tweet?url=https:\/\/www.narsa-securiteroutiere.ma\/fr\/la-securite-routiere-partie-integrante-du-systeme-de-securite-au-travail\/&text=La s\u00e9curit\u00e9 routi\u00e8re partie int\u00e9grante du syst\u00e8me de s\u00e9curit\u00e9 au travail\" target=\"_blank\"><i class=\"fab fa-twitter\"><\/i><\/a><\/li>\n            <li class=\"list-inline-item\"><a href=\"https:\/\/www.linkedin.com\/shareArticle?mini=true&url=https:\/\/www.narsa-securiteroutiere.ma\/fr\/la-securite-routiere-partie-integrante-du-systeme-de-securite-au-travail\/&title=La s\u00e9curit\u00e9 routi\u00e8re partie int\u00e9grante du syst\u00e8me de s\u00e9curit\u00e9 au travail\" target=\"_blank\"><i class=\"fab fa-linkedin-in\"><\/i><\/a><\/li>\n            <li class=\"list-inline-item\"><a href=\"https:\/\/pinterest.com\/pin\/create\/button\/?url=https:\/\/www.narsa-securiteroutiere.ma\/fr\/la-securite-routiere-partie-integrante-du-systeme-de-securite-au-travail\/&media=&description=La s\u00e9curit\u00e9 routi\u00e8re partie int\u00e9grante du syst\u00e8me de s\u00e9curit\u00e9 au travail\" target=\"_blank\"><i class=\"fab fa-pinterest\"><\/i><\/a><\/li>\n            <li class=\"list-inline-item\"><a href=\"https:\/\/t.me\/share\/url?url=https:\/\/www.narsa-securiteroutiere.ma\/fr\/la-securite-routiere-partie-integrante-du-systeme-de-securite-au-travail\/&text=La s\u00e9curit\u00e9 routi\u00e8re partie int\u00e9grante du syst\u00e8me de s\u00e9curit\u00e9 au travail\" target=\"_blank\"><i class=\"fab fa-telegram-plane\"><\/i><\/a><\/li>\n            <li class=\"list-inline-item\"><a href=\"mailto:info@example.com?&subject=&cc=&bcc=&body=https:\/\/www.narsa-securiteroutiere.ma\/fr\/la-securite-routiere-partie-integrante-du-systeme-de-securite-au-travail\/\"><i class=\"far fa-envelope\"><\/i><\/a><\/li>\n        <\/ul>\n    <\/div>\n\n\t\t\t\t\t\t\t\t\t\t\t\t\t\t\t<div class=\"more-button float-end\">\r\n\t\t\t\t\t\t\t\t\t<a href=\"https:\/\/www.narsa-securiteroutiere.ma\/fr\/la-securite-routiere-partie-integrante-du-systeme-de-securite-au-travail\/\"><span class=\"icon-options\"><\/span><\/a>\r\n\t\t\t\t\t\t\t\t<\/div>\r\n\t\t\t\t\t\t\t\t\t\t\t\t\t<\/div>\r\n\t\t\t\t\t<\/div>\r\n\t\t\t\t<\/div>\r\n\r\n\t\t\t\r\n\t\t\t\t<div class=\"col-md-6 col-lg-4 post-item\">\r\n\t\t\t\t\t<div id=\"post-7690\" class=\"post post-grid rounded bordered post-7690 type-post status-publish format-standard has-post-thumbnail hentry category-moto tag-francais\">\r\n\t\t\t\t\t\t\t\t\t\t\t\t\t<div class=\"thumb top-rounded\">\r\n\t\t\t\t\t\t\t\t<a href=\"https:\/\/www.narsa-securiteroutiere.ma\/fr\/category\/moto\/\" class=\"category-badge position-absolute\">MOTO<\/a>\t\t\t\t\t\t\t\t<div class=\"inner\">\r\n\t\t\t\t\t\t\t\t\t<a href=\"https:\/\/www.narsa-securiteroutiere.ma\/fr\/motos-et-tramway-comportements-a-adopter-pour-une-circulation-en-toute-securite\/\"><img decoding=\"async\" width=\"550\" height=\"367\" src=\"https:\/\/www.narsa-securiteroutiere.ma\/wp-content\/uploads\/2026\/04\/Les-comportements-a-adopter-a-proximite-des-lignes-de-tramway-a-moto-550x367.jpg\" class=\"attachment-katen-thumb-grid size-katen-thumb-grid wp-post-image\" alt=\"Les comportements \u00e0 adopter \u00e0 proximit\u00e9 des lignes de tramway \u00e0 moto\" \/><\/a>\t\t\t\t\t\t\t\t<\/div>\r\n\t\t\t\t\t\t\t<\/div>\r\n\t\t\t\t\t\t\t\t\t\t\t\t<div class=\"details\">\r\n\r\n\t\t\t\t\t\t\t<ul class=\"meta list-inline mb-0\">\r\n\t\t\t\t\t\t\t\t\t\t\t\t\t\t\t\t\t<li class=\"list-inline-item\">23 Avr 2026<\/li>\r\n\t\t\t\t\t\t\t\t\t\t\t\t\t\t\t<\/ul>\r\n\r\n\t\t\t\t\t\t\t<h5 class=\"post-title mb-3 mt-3\"><a href=\"https:\/\/www.narsa-securiteroutiere.ma\/fr\/motos-et-tramway-comportements-a-adopter-pour-une-circulation-en-toute-securite\/\">Motos et tramway : comportements \u00e0 adopter pour une circulation en toute s\u00e9curit\u00e9<\/a><\/h5>\r\n\t\t\t\t\t\t\t<p class=\"excerpt mb-0\">\r\n\t\t\t\t\t\t\t\tDans un contexte marqu\u00e9 par le d\u00e9veloppement de l\u2019utilisation du tramway comme moyen de transport urbain structur\u00e9, l\u2019interaction entre ses\u2026\t\t\t\t\t\t\t<\/p>\r\n\t\t\t\t\t\t<\/div>\r\n\t\t\t\t\t\t<div class=\"post-bottom clearfix d-flex align-items-center\">\r\n\t\t\t\t\t\t\t\n    <div class=\"social-share me-auto\">\n        <button class=\"toggle-button icon-share\"><\/button>\n        <ul class=\"icons list-unstyled list-inline mb-0\">\n            <li class=\"list-inline-item\"><a href=\"https:\/\/www.facebook.com\/sharer\/sharer.php?u=https:\/\/www.narsa-securiteroutiere.ma\/fr\/motos-et-tramway-comportements-a-adopter-pour-une-circulation-en-toute-securite\/\" target=\"_blank\"><i class=\"fab fa-facebook-f\"><\/i><\/a><\/li>\n            <li class=\"list-inline-item\"><a href=\"https:\/\/twitter.com\/intent\/tweet?url=https:\/\/www.narsa-securiteroutiere.ma\/fr\/motos-et-tramway-comportements-a-adopter-pour-une-circulation-en-toute-securite\/&text=Motos et tramway : comportements \u00e0 adopter pour une circulation en toute s\u00e9curit\u00e9\" target=\"_blank\"><i class=\"fab fa-twitter\"><\/i><\/a><\/li>\n            <li class=\"list-inline-item\"><a href=\"https:\/\/www.linkedin.com\/shareArticle?mini=true&url=https:\/\/www.narsa-securiteroutiere.ma\/fr\/motos-et-tramway-comportements-a-adopter-pour-une-circulation-en-toute-securite\/&title=Motos et tramway : comportements \u00e0 adopter pour une circulation en toute s\u00e9curit\u00e9\" target=\"_blank\"><i class=\"fab fa-linkedin-in\"><\/i><\/a><\/li>\n            <li class=\"list-inline-item\"><a href=\"https:\/\/pinterest.com\/pin\/create\/button\/?url=https:\/\/www.narsa-securiteroutiere.ma\/fr\/motos-et-tramway-comportements-a-adopter-pour-une-circulation-en-toute-securite\/&media=&description=Motos et tramway : comportements \u00e0 adopter pour une circulation en toute s\u00e9curit\u00e9\" target=\"_blank\"><i class=\"fab fa-pinterest\"><\/i><\/a><\/li>\n            <li class=\"list-inline-item\"><a href=\"https:\/\/t.me\/share\/url?url=https:\/\/www.narsa-securiteroutiere.ma\/fr\/motos-et-tramway-comportements-a-adopter-pour-une-circulation-en-toute-securite\/&text=Motos et tramway : comportements \u00e0 adopter pour une circulation en toute s\u00e9curit\u00e9\" target=\"_blank\"><i class=\"fab fa-telegram-plane\"><\/i><\/a><\/li>\n            <li class=\"list-inline-item\"><a href=\"mailto:info@example.com?&subject=&cc=&bcc=&body=https:\/\/www.narsa-securiteroutiere.ma\/fr\/motos-et-tramway-comportements-a-adopter-pour-une-circulation-en-toute-securite\/\"><i class=\"far fa-envelope\"><\/i><\/a><\/li>\n        <\/ul>\n    <\/div>\n\n\t\t\t\t\t\t\t\t\t\t\t\t\t\t\t<div class=\"more-button float-end\">\r\n\t\t\t\t\t\t\t\t\t<a href=\"https:\/\/www.narsa-securiteroutiere.ma\/fr\/motos-et-tramway-comportements-a-adopter-pour-une-circulation-en-toute-securite\/\"><span class=\"icon-options\"><\/span><\/a>\r\n\t\t\t\t\t\t\t\t<\/div>\r\n\t\t\t\t\t\t\t\t\t\t\t\t\t<\/div>\r\n\t\t\t\t\t<\/div>\r\n\t\t\t\t<\/div>\r\n\r\n\t\t\t\r\n\t\t\t\t<div class=\"col-md-6 col-lg-4 post-item\">\r\n\t\t\t\t\t<div id=\"post-7678\" class=\"post post-grid rounded bordered post-7678 type-post status-publish format-standard has-post-thumbnail hentry category-securite-routiere tag-francais\">\r\n\t\t\t\t\t\t\t\t\t\t\t\t\t<div class=\"thumb top-rounded\">\r\n\t\t\t\t\t\t\t\t<a href=\"https:\/\/www.narsa-securiteroutiere.ma\/fr\/category\/securite-routiere\/\" class=\"category-badge position-absolute\">S\u00e9curit\u00e9 routi\u00e8re<\/a>\t\t\t\t\t\t\t\t<div class=\"inner\">\r\n\t\t\t\t\t\t\t\t\t<a href=\"https:\/\/www.narsa-securiteroutiere.ma\/fr\/se-deplacer-en-trottinette-electrique-comportements-preventifs-a-respecter\/\"><img decoding=\"async\" width=\"550\" height=\"367\" src=\"https:\/\/www.narsa-securiteroutiere.ma\/wp-content\/uploads\/2026\/04\/Article-Conseils-trottinette-electrique-550x367.jpg\" class=\"attachment-katen-thumb-grid size-katen-thumb-grid wp-post-image\" alt=\"Conseils trottinette \u00e9lectrique\" srcset=\"https:\/\/www.narsa-securiteroutiere.ma\/wp-content\/uploads\/2026\/04\/Article-Conseils-trottinette-electrique-550x367.jpg 550w, https:\/\/www.narsa-securiteroutiere.ma\/wp-content\/uploads\/2026\/04\/Article-Conseils-trottinette-electrique-300x200.jpg 300w, https:\/\/www.narsa-securiteroutiere.ma\/wp-content\/uploads\/2026\/04\/Article-Conseils-trottinette-electrique-1024x683.jpg 1024w, https:\/\/www.narsa-securiteroutiere.ma\/wp-content\/uploads\/2026\/04\/Article-Conseils-trottinette-electrique-768x512.jpg 768w, https:\/\/www.narsa-securiteroutiere.ma\/wp-content\/uploads\/2026\/04\/Article-Conseils-trottinette-electrique-1536x1025.jpg 1536w, https:\/\/www.narsa-securiteroutiere.ma\/wp-content\/uploads\/2026\/04\/Article-Conseils-trottinette-electrique-18x12.jpg 18w, https:\/\/www.narsa-securiteroutiere.ma\/wp-content\/uploads\/2026\/04\/Article-Conseils-trottinette-electrique.jpg 1920w\" sizes=\"(max-width: 550px) 100vw, 550px\" \/><\/a>\t\t\t\t\t\t\t\t<\/div>\r\n\t\t\t\t\t\t\t<\/div>\r\n\t\t\t\t\t\t\t\t\t\t\t\t<div class=\"details\">\r\n\r\n\t\t\t\t\t\t\t<ul class=\"meta list-inline mb-0\">\r\n\t\t\t\t\t\t\t\t\t\t\t\t\t\t\t\t\t<li class=\"list-inline-item\">20 Avr 2026<\/li>\r\n\t\t\t\t\t\t\t\t\t\t\t\t\t\t\t<\/ul>\r\n\r\n\t\t\t\t\t\t\t<h5 class=\"post-title mb-3 mt-3\"><a href=\"https:\/\/www.narsa-securiteroutiere.ma\/fr\/se-deplacer-en-trottinette-electrique-comportements-preventifs-a-respecter\/\">Se d\u00e9placer en trottinette \u00e9lectrique : comportements pr\u00e9ventifs \u00e0 respecter<\/a><\/h5>\r\n\t\t\t\t\t\t\t<p class=\"excerpt mb-0\">\r\n\t\t\t\t\t\t\t\tLes modes de d\u00e9placement individuels, notamment les trottinettes \u00e9lectriques, connaissent un essor croissant dans les espaces urbains en raison de\u2026\t\t\t\t\t\t\t<\/p>\r\n\t\t\t\t\t\t<\/div>\r\n\t\t\t\t\t\t<div class=\"post-bottom clearfix d-flex align-items-center\">\r\n\t\t\t\t\t\t\t\n    <div class=\"social-share me-auto\">\n        <button class=\"toggle-button icon-share\"><\/button>\n        <ul class=\"icons list-unstyled list-inline mb-0\">\n            <li class=\"list-inline-item\"><a href=\"https:\/\/www.facebook.com\/sharer\/sharer.php?u=https:\/\/www.narsa-securiteroutiere.ma\/fr\/se-deplacer-en-trottinette-electrique-comportements-preventifs-a-respecter\/\" target=\"_blank\"><i class=\"fab fa-facebook-f\"><\/i><\/a><\/li>\n            <li class=\"list-inline-item\"><a href=\"https:\/\/twitter.com\/intent\/tweet?url=https:\/\/www.narsa-securiteroutiere.ma\/fr\/se-deplacer-en-trottinette-electrique-comportements-preventifs-a-respecter\/&text=Se d\u00e9placer en trottinette \u00e9lectrique : comportements pr\u00e9ventifs \u00e0 respecter\" target=\"_blank\"><i class=\"fab fa-twitter\"><\/i><\/a><\/li>\n            <li class=\"list-inline-item\"><a href=\"https:\/\/www.linkedin.com\/shareArticle?mini=true&url=https:\/\/www.narsa-securiteroutiere.ma\/fr\/se-deplacer-en-trottinette-electrique-comportements-preventifs-a-respecter\/&title=Se d\u00e9placer en trottinette \u00e9lectrique : comportements pr\u00e9ventifs \u00e0 respecter\" target=\"_blank\"><i class=\"fab fa-linkedin-in\"><\/i><\/a><\/li>\n            <li class=\"list-inline-item\"><a href=\"https:\/\/pinterest.com\/pin\/create\/button\/?url=https:\/\/www.narsa-securiteroutiere.ma\/fr\/se-deplacer-en-trottinette-electrique-comportements-preventifs-a-respecter\/&media=&description=Se d\u00e9placer en trottinette \u00e9lectrique : comportements pr\u00e9ventifs \u00e0 respecter\" target=\"_blank\"><i class=\"fab fa-pinterest\"><\/i><\/a><\/li>\n            <li class=\"list-inline-item\"><a href=\"https:\/\/t.me\/share\/url?url=https:\/\/www.narsa-securiteroutiere.ma\/fr\/se-deplacer-en-trottinette-electrique-comportements-preventifs-a-respecter\/&text=Se d\u00e9placer en trottinette \u00e9lectrique : comportements pr\u00e9ventifs \u00e0 respecter\" target=\"_blank\"><i class=\"fab fa-telegram-plane\"><\/i><\/a><\/li>\n            <li class=\"list-inline-item\"><a href=\"mailto:info@example.com?&subject=&cc=&bcc=&body=https:\/\/www.narsa-securiteroutiere.ma\/fr\/se-deplacer-en-trottinette-electrique-comportements-preventifs-a-respecter\/\"><i class=\"far fa-envelope\"><\/i><\/a><\/li>\n        <\/ul>\n    <\/div>\n\n\t\t\t\t\t\t\t\t\t\t\t\t\t\t\t<div class=\"more-button float-end\">\r\n\t\t\t\t\t\t\t\t\t<a href=\"https:\/\/www.narsa-securiteroutiere.ma\/fr\/se-deplacer-en-trottinette-electrique-comportements-preventifs-a-respecter\/\"><span class=\"icon-options\"><\/span><\/a>\r\n\t\t\t\t\t\t\t\t<\/div>\r\n\t\t\t\t\t\t\t\t\t\t\t\t\t<\/div>\r\n\t\t\t\t\t<\/div>\r\n\t\t\t\t<\/div>\r\n\r\n\t\t\t\r\n\t\t\t\t<div class=\"col-md-6 col-lg-4 post-item\">\r\n\t\t\t\t\t<div id=\"post-7676\" class=\"post post-grid rounded bordered post-7676 type-post status-publish format-standard has-post-thumbnail hentry category-pietons tag-francais\">\r\n\t\t\t\t\t\t\t\t\t\t\t\t\t<div class=\"thumb top-rounded\">\r\n\t\t\t\t\t\t\t\t<a href=\"https:\/\/www.narsa-securiteroutiere.ma\/fr\/category\/pietons\/\" class=\"category-badge position-absolute\">Pi\u00e9tons<\/a>\t\t\t\t\t\t\t\t<div class=\"inner\">\r\n\t\t\t\t\t\t\t\t\t<a href=\"https:\/\/www.narsa-securiteroutiere.ma\/fr\/les-personnes-agees-et-la-traversee-de-la-route-une-vigilance-accrue-pour-des-deplacements-en-toute-securite\/\"><img loading=\"lazy\" decoding=\"async\" width=\"550\" height=\"367\" src=\"https:\/\/www.narsa-securiteroutiere.ma\/wp-content\/uploads\/2026\/04\/Artcile-Pietons-ages-550x367.jpg\" class=\"attachment-katen-thumb-grid size-katen-thumb-grid wp-post-image\" alt=\"Les personnes \u00e2g\u00e9es et la travers\u00e9e de la route\" srcset=\"https:\/\/www.narsa-securiteroutiere.ma\/wp-content\/uploads\/2026\/04\/Artcile-Pietons-ages-550x367.jpg 550w, https:\/\/www.narsa-securiteroutiere.ma\/wp-content\/uploads\/2026\/04\/Artcile-Pietons-ages-300x200.jpg 300w, https:\/\/www.narsa-securiteroutiere.ma\/wp-content\/uploads\/2026\/04\/Artcile-Pietons-ages-1024x683.jpg 1024w, https:\/\/www.narsa-securiteroutiere.ma\/wp-content\/uploads\/2026\/04\/Artcile-Pietons-ages-768x512.jpg 768w, https:\/\/www.narsa-securiteroutiere.ma\/wp-content\/uploads\/2026\/04\/Artcile-Pietons-ages-1536x1024.jpg 1536w, https:\/\/www.narsa-securiteroutiere.ma\/wp-content\/uploads\/2026\/04\/Artcile-Pietons-ages-18x12.jpg 18w, https:\/\/www.narsa-securiteroutiere.ma\/wp-content\/uploads\/2026\/04\/Artcile-Pietons-ages.jpg 1920w\" sizes=\"(max-width: 550px) 100vw, 550px\" \/><\/a>\t\t\t\t\t\t\t\t<\/div>\r\n\t\t\t\t\t\t\t<\/div>\r\n\t\t\t\t\t\t\t\t\t\t\t\t<div class=\"details\">\r\n\r\n\t\t\t\t\t\t\t<ul class=\"meta list-inline mb-0\">\r\n\t\t\t\t\t\t\t\t\t\t\t\t\t\t\t\t\t<li class=\"list-inline-item\">15 Avr 2026<\/li>\r\n\t\t\t\t\t\t\t\t\t\t\t\t\t\t\t<\/ul>\r\n\r\n\t\t\t\t\t\t\t<h5 class=\"post-title mb-3 mt-3\"><a href=\"https:\/\/www.narsa-securiteroutiere.ma\/fr\/les-personnes-agees-et-la-traversee-de-la-route-une-vigilance-accrue-pour-des-deplacements-en-toute-securite\/\">Les personnes \u00e2g\u00e9es et la travers\u00e9e de la route : une vigilance accrue pour des d\u00e9placements en toute s\u00e9curit\u00e9<\/a><\/h5>\r\n\t\t\t\t\t\t\t<p class=\"excerpt mb-0\">\r\n\t\t\t\t\t\t\t\tLes pi\u00e9tons \u00e2g\u00e9s font partie des usagers de la route les plus vuln\u00e9rables et les plus expos\u00e9s aux risques d\u2019accidents\u2026\t\t\t\t\t\t\t<\/p>\r\n\t\t\t\t\t\t<\/div>\r\n\t\t\t\t\t\t<div class=\"post-bottom clearfix d-flex align-items-center\">\r\n\t\t\t\t\t\t\t\n    <div class=\"social-share me-auto\">\n        <button class=\"toggle-button icon-share\"><\/button>\n        <ul class=\"icons list-unstyled list-inline mb-0\">\n            <li class=\"list-inline-item\"><a href=\"https:\/\/www.facebook.com\/sharer\/sharer.php?u=https:\/\/www.narsa-securiteroutiere.ma\/fr\/les-personnes-agees-et-la-traversee-de-la-route-une-vigilance-accrue-pour-des-deplacements-en-toute-securite\/\" target=\"_blank\"><i class=\"fab fa-facebook-f\"><\/i><\/a><\/li>\n            <li class=\"list-inline-item\"><a href=\"https:\/\/twitter.com\/intent\/tweet?url=https:\/\/www.narsa-securiteroutiere.ma\/fr\/les-personnes-agees-et-la-traversee-de-la-route-une-vigilance-accrue-pour-des-deplacements-en-toute-securite\/&text=Les personnes \u00e2g\u00e9es et la travers\u00e9e de la route : une vigilance accrue pour des d\u00e9placements en toute s\u00e9curit\u00e9\" target=\"_blank\"><i class=\"fab fa-twitter\"><\/i><\/a><\/li>\n            <li class=\"list-inline-item\"><a href=\"https:\/\/www.linkedin.com\/shareArticle?mini=true&url=https:\/\/www.narsa-securiteroutiere.ma\/fr\/les-personnes-agees-et-la-traversee-de-la-route-une-vigilance-accrue-pour-des-deplacements-en-toute-securite\/&title=Les personnes \u00e2g\u00e9es et la travers\u00e9e de la route : une vigilance accrue pour des d\u00e9placements en toute s\u00e9curit\u00e9\" target=\"_blank\"><i class=\"fab fa-linkedin-in\"><\/i><\/a><\/li>\n            <li class=\"list-inline-item\"><a href=\"https:\/\/pinterest.com\/pin\/create\/button\/?url=https:\/\/www.narsa-securiteroutiere.ma\/fr\/les-personnes-agees-et-la-traversee-de-la-route-une-vigilance-accrue-pour-des-deplacements-en-toute-securite\/&media=&description=Les personnes \u00e2g\u00e9es et la travers\u00e9e de la route : une vigilance accrue pour des d\u00e9placements en toute s\u00e9curit\u00e9\" target=\"_blank\"><i class=\"fab fa-pinterest\"><\/i><\/a><\/li>\n            <li class=\"list-inline-item\"><a href=\"https:\/\/t.me\/share\/url?url=https:\/\/www.narsa-securiteroutiere.ma\/fr\/les-personnes-agees-et-la-traversee-de-la-route-une-vigilance-accrue-pour-des-deplacements-en-toute-securite\/&text=Les personnes \u00e2g\u00e9es et la travers\u00e9e de la route : une vigilance accrue pour des d\u00e9placements en toute s\u00e9curit\u00e9\" target=\"_blank\"><i class=\"fab fa-telegram-plane\"><\/i><\/a><\/li>\n            <li class=\"list-inline-item\"><a href=\"mailto:info@example.com?&subject=&cc=&bcc=&body=https:\/\/www.narsa-securiteroutiere.ma\/fr\/les-personnes-agees-et-la-traversee-de-la-route-une-vigilance-accrue-pour-des-deplacements-en-toute-securite\/\"><i class=\"far fa-envelope\"><\/i><\/a><\/li>\n        <\/ul>\n    <\/div>\n\n\t\t\t\t\t\t\t\t\t\t\t\t\t\t\t<div class=\"more-button float-end\">\r\n\t\t\t\t\t\t\t\t\t<a href=\"https:\/\/www.narsa-securiteroutiere.ma\/fr\/les-personnes-agees-et-la-traversee-de-la-route-une-vigilance-accrue-pour-des-deplacements-en-toute-securite\/\"><span class=\"icon-options\"><\/span><\/a>\r\n\t\t\t\t\t\t\t\t<\/div>\r\n\t\t\t\t\t\t\t\t\t\t\t\t\t<\/div>\r\n\t\t\t\t\t<\/div>\r\n\t\t\t\t<\/div>\r\n\r\n\t\t\t\r\n\t\t\t\t<div class=\"col-md-6 col-lg-4 post-item\">\r\n\t\t\t\t\t<div id=\"post-7663\" class=\"post post-grid rounded bordered post-7663 type-post status-publish format-standard has-post-thumbnail hentry category-securite-routiere tag-francais\">\r\n\t\t\t\t\t\t\t\t\t\t\t\t\t<div class=\"thumb top-rounded\">\r\n\t\t\t\t\t\t\t\t<a href=\"https:\/\/www.narsa-securiteroutiere.ma\/fr\/category\/securite-routiere\/\" class=\"category-badge position-absolute\">S\u00e9curit\u00e9 routi\u00e8re<\/a>\t\t\t\t\t\t\t\t<div class=\"inner\">\r\n\t\t\t\t\t\t\t\t\t<a href=\"https:\/\/www.narsa-securiteroutiere.ma\/fr\/depassements-dangereux-sur-les-autoroutes-un-comportement-a-haut-risque\/\"><img loading=\"lazy\" decoding=\"async\" width=\"550\" height=\"367\" src=\"https:\/\/www.narsa-securiteroutiere.ma\/wp-content\/uploads\/2026\/04\/Depassements-dangereux-sur-les-autoroutes-un-comportement-a-haut-risque-550x367.jpg\" class=\"attachment-katen-thumb-grid size-katen-thumb-grid wp-post-image\" alt=\"\" srcset=\"https:\/\/www.narsa-securiteroutiere.ma\/wp-content\/uploads\/2026\/04\/Depassements-dangereux-sur-les-autoroutes-un-comportement-a-haut-risque-550x367.jpg 550w, https:\/\/www.narsa-securiteroutiere.ma\/wp-content\/uploads\/2026\/04\/Depassements-dangereux-sur-les-autoroutes-un-comportement-a-haut-risque-300x200.jpg 300w, https:\/\/www.narsa-securiteroutiere.ma\/wp-content\/uploads\/2026\/04\/Depassements-dangereux-sur-les-autoroutes-un-comportement-a-haut-risque-1024x682.jpg 1024w, https:\/\/www.narsa-securiteroutiere.ma\/wp-content\/uploads\/2026\/04\/Depassements-dangereux-sur-les-autoroutes-un-comportement-a-haut-risque-768x512.jpg 768w, https:\/\/www.narsa-securiteroutiere.ma\/wp-content\/uploads\/2026\/04\/Depassements-dangereux-sur-les-autoroutes-un-comportement-a-haut-risque-1536x1023.jpg 1536w, https:\/\/www.narsa-securiteroutiere.ma\/wp-content\/uploads\/2026\/04\/Depassements-dangereux-sur-les-autoroutes-un-comportement-a-haut-risque-18x12.jpg 18w, https:\/\/www.narsa-securiteroutiere.ma\/wp-content\/uploads\/2026\/04\/Depassements-dangereux-sur-les-autoroutes-un-comportement-a-haut-risque.jpg 1920w\" sizes=\"(max-width: 550px) 100vw, 550px\" \/><\/a>\t\t\t\t\t\t\t\t<\/div>\r\n\t\t\t\t\t\t\t<\/div>\r\n\t\t\t\t\t\t\t\t\t\t\t\t<div class=\"details\">\r\n\r\n\t\t\t\t\t\t\t<ul class=\"meta list-inline mb-0\">\r\n\t\t\t\t\t\t\t\t\t\t\t\t\t\t\t\t\t<li class=\"list-inline-item\">30 Mar 2026<\/li>\r\n\t\t\t\t\t\t\t\t\t\t\t\t\t\t\t<\/ul>\r\n\r\n\t\t\t\t\t\t\t<h5 class=\"post-title mb-3 mt-3\"><a href=\"https:\/\/www.narsa-securiteroutiere.ma\/fr\/depassements-dangereux-sur-les-autoroutes-un-comportement-a-haut-risque\/\">D\u00e9passements dangereux sur les autoroutes : un comportement \u00e0 haut risque<\/a><\/h5>\r\n\t\t\t\t\t\t\t<p class=\"excerpt mb-0\">\r\n\t\t\t\t\t\t\t\tL\u2019autoroute est con\u00e7ue pour permettre une circulation fluide et rapide. Cependant, \u00e0 vitesse \u00e9lev\u00e9e, la moindre erreur peut avoir de\u2026\t\t\t\t\t\t\t<\/p>\r\n\t\t\t\t\t\t<\/div>\r\n\t\t\t\t\t\t<div class=\"post-bottom clearfix d-flex align-items-center\">\r\n\t\t\t\t\t\t\t\n    <div class=\"social-share me-auto\">\n        <button class=\"toggle-button icon-share\"><\/button>\n        <ul class=\"icons list-unstyled list-inline mb-0\">\n            <li class=\"list-inline-item\"><a href=\"https:\/\/www.facebook.com\/sharer\/sharer.php?u=https:\/\/www.narsa-securiteroutiere.ma\/fr\/depassements-dangereux-sur-les-autoroutes-un-comportement-a-haut-risque\/\" target=\"_blank\"><i class=\"fab fa-facebook-f\"><\/i><\/a><\/li>\n            <li class=\"list-inline-item\"><a href=\"https:\/\/twitter.com\/intent\/tweet?url=https:\/\/www.narsa-securiteroutiere.ma\/fr\/depassements-dangereux-sur-les-autoroutes-un-comportement-a-haut-risque\/&text=D\u00e9passements dangereux sur les autoroutes : un comportement \u00e0 haut risque\" target=\"_blank\"><i class=\"fab fa-twitter\"><\/i><\/a><\/li>\n            <li class=\"list-inline-item\"><a href=\"https:\/\/www.linkedin.com\/shareArticle?mini=true&url=https:\/\/www.narsa-securiteroutiere.ma\/fr\/depassements-dangereux-sur-les-autoroutes-un-comportement-a-haut-risque\/&title=D\u00e9passements dangereux sur les autoroutes : un comportement \u00e0 haut risque\" target=\"_blank\"><i class=\"fab fa-linkedin-in\"><\/i><\/a><\/li>\n            <li class=\"list-inline-item\"><a href=\"https:\/\/pinterest.com\/pin\/create\/button\/?url=https:\/\/www.narsa-securiteroutiere.ma\/fr\/depassements-dangereux-sur-les-autoroutes-un-comportement-a-haut-risque\/&media=&description=D\u00e9passements dangereux sur les autoroutes : un comportement \u00e0 haut risque\" target=\"_blank\"><i class=\"fab fa-pinterest\"><\/i><\/a><\/li>\n            <li class=\"list-inline-item\"><a href=\"https:\/\/t.me\/share\/url?url=https:\/\/www.narsa-securiteroutiere.ma\/fr\/depassements-dangereux-sur-les-autoroutes-un-comportement-a-haut-risque\/&text=D\u00e9passements dangereux sur les autoroutes : un comportement \u00e0 haut risque\" target=\"_blank\"><i class=\"fab fa-telegram-plane\"><\/i><\/a><\/li>\n            <li class=\"list-inline-item\"><a href=\"mailto:info@example.com?&subject=&cc=&bcc=&body=https:\/\/www.narsa-securiteroutiere.ma\/fr\/depassements-dangereux-sur-les-autoroutes-un-comportement-a-haut-risque\/\"><i class=\"far fa-envelope\"><\/i><\/a><\/li>\n        <\/ul>\n    <\/div>\n\n\t\t\t\t\t\t\t\t\t\t\t\t\t\t\t<div class=\"more-button float-end\">\r\n\t\t\t\t\t\t\t\t\t<a href=\"https:\/\/www.narsa-securiteroutiere.ma\/fr\/depassements-dangereux-sur-les-autoroutes-un-comportement-a-haut-risque\/\"><span class=\"icon-options\"><\/span><\/a>\r\n\t\t\t\t\t\t\t\t<\/div>\r\n\t\t\t\t\t\t\t\t\t\t\t\t\t<\/div>\r\n\t\t\t\t\t<\/div>\r\n\t\t\t\t<\/div>\r\n\r\n\t\t\t\r\n\t\t\t\t<div class=\"col-md-6 col-lg-4 post-item\">\r\n\t\t\t\t\t<div id=\"post-7658\" class=\"post post-grid rounded bordered post-7658 type-post status-publish format-standard has-post-thumbnail hentry category-securite-routiere tag-francais\">\r\n\t\t\t\t\t\t\t\t\t\t\t\t\t<div class=\"thumb top-rounded\">\r\n\t\t\t\t\t\t\t\t<a href=\"https:\/\/www.narsa-securiteroutiere.ma\/fr\/category\/securite-routiere\/\" class=\"category-badge position-absolute\">S\u00e9curit\u00e9 routi\u00e8re<\/a>\t\t\t\t\t\t\t\t<div class=\"inner\">\r\n\t\t\t\t\t\t\t\t\t<a href=\"https:\/\/www.narsa-securiteroutiere.ma\/fr\/lampes-led-illegales-sur-les-routes-un-risque-pour-la-visibilite-et-la-securite\/\"><img loading=\"lazy\" decoding=\"async\" width=\"550\" height=\"367\" src=\"https:\/\/www.narsa-securiteroutiere.ma\/wp-content\/uploads\/2026\/04\/Lampes-LED-illegales-sur-les-routes-un-risque-pour-la-visibilite-et-la-securite-550x367.jpg\" class=\"attachment-katen-thumb-grid size-katen-thumb-grid wp-post-image\" alt=\"\" \/><\/a>\t\t\t\t\t\t\t\t<\/div>\r\n\t\t\t\t\t\t\t<\/div>\r\n\t\t\t\t\t\t\t\t\t\t\t\t<div class=\"details\">\r\n\r\n\t\t\t\t\t\t\t<ul class=\"meta list-inline mb-0\">\r\n\t\t\t\t\t\t\t\t\t\t\t\t\t\t\t\t\t<li class=\"list-inline-item\">26 Mar 2026<\/li>\r\n\t\t\t\t\t\t\t\t\t\t\t\t\t\t\t<\/ul>\r\n\r\n\t\t\t\t\t\t\t<h5 class=\"post-title mb-3 mt-3\"><a href=\"https:\/\/www.narsa-securiteroutiere.ma\/fr\/lampes-led-illegales-sur-les-routes-un-risque-pour-la-visibilite-et-la-securite\/\">Lampes LED ill\u00e9gales sur les routes : un risque pour la visibilit\u00e9 et la s\u00e9curit\u00e9<\/a><\/h5>\r\n\t\t\t\t\t\t\t<p class=\"excerpt mb-0\">\r\n\t\t\t\t\t\t\t\tL\u2019\u00e9clairage du v\u00e9hicule joue un r\u00f4le essentiel dans la s\u00e9curit\u00e9 routi\u00e8re, notamment la nuit et dans des conditions de faible\u2026\t\t\t\t\t\t\t<\/p>\r\n\t\t\t\t\t\t<\/div>\r\n\t\t\t\t\t\t<div class=\"post-bottom clearfix d-flex align-items-center\">\r\n\t\t\t\t\t\t\t\n    <div class=\"social-share me-auto\">\n        <button class=\"toggle-button icon-share\"><\/button>\n        <ul class=\"icons list-unstyled list-inline mb-0\">\n            <li class=\"list-inline-item\"><a href=\"https:\/\/www.facebook.com\/sharer\/sharer.php?u=https:\/\/www.narsa-securiteroutiere.ma\/fr\/lampes-led-illegales-sur-les-routes-un-risque-pour-la-visibilite-et-la-securite\/\" target=\"_blank\"><i class=\"fab fa-facebook-f\"><\/i><\/a><\/li>\n            <li class=\"list-inline-item\"><a href=\"https:\/\/twitter.com\/intent\/tweet?url=https:\/\/www.narsa-securiteroutiere.ma\/fr\/lampes-led-illegales-sur-les-routes-un-risque-pour-la-visibilite-et-la-securite\/&text=Lampes LED ill\u00e9gales sur les routes : un risque pour la visibilit\u00e9 et la s\u00e9curit\u00e9\" target=\"_blank\"><i class=\"fab fa-twitter\"><\/i><\/a><\/li>\n            <li class=\"list-inline-item\"><a href=\"https:\/\/www.linkedin.com\/shareArticle?mini=true&url=https:\/\/www.narsa-securiteroutiere.ma\/fr\/lampes-led-illegales-sur-les-routes-un-risque-pour-la-visibilite-et-la-securite\/&title=Lampes LED ill\u00e9gales sur les routes : un risque pour la visibilit\u00e9 et la s\u00e9curit\u00e9\" target=\"_blank\"><i class=\"fab fa-linkedin-in\"><\/i><\/a><\/li>\n            <li class=\"list-inline-item\"><a href=\"https:\/\/pinterest.com\/pin\/create\/button\/?url=https:\/\/www.narsa-securiteroutiere.ma\/fr\/lampes-led-illegales-sur-les-routes-un-risque-pour-la-visibilite-et-la-securite\/&media=&description=Lampes LED ill\u00e9gales sur les routes : un risque pour la visibilit\u00e9 et la s\u00e9curit\u00e9\" target=\"_blank\"><i class=\"fab fa-pinterest\"><\/i><\/a><\/li>\n            <li class=\"list-inline-item\"><a href=\"https:\/\/t.me\/share\/url?url=https:\/\/www.narsa-securiteroutiere.ma\/fr\/lampes-led-illegales-sur-les-routes-un-risque-pour-la-visibilite-et-la-securite\/&text=Lampes LED ill\u00e9gales sur les routes : un risque pour la visibilit\u00e9 et la s\u00e9curit\u00e9\" target=\"_blank\"><i class=\"fab fa-telegram-plane\"><\/i><\/a><\/li>\n            <li class=\"list-inline-item\"><a href=\"mailto:info@example.com?&subject=&cc=&bcc=&body=https:\/\/www.narsa-securiteroutiere.ma\/fr\/lampes-led-illegales-sur-les-routes-un-risque-pour-la-visibilite-et-la-securite\/\"><i class=\"far fa-envelope\"><\/i><\/a><\/li>\n        <\/ul>\n    <\/div>\n\n\t\t\t\t\t\t\t\t\t\t\t\t\t\t\t<div class=\"more-button float-end\">\r\n\t\t\t\t\t\t\t\t\t<a href=\"https:\/\/www.narsa-securiteroutiere.ma\/fr\/lampes-led-illegales-sur-les-routes-un-risque-pour-la-visibilite-et-la-securite\/\"><span class=\"icon-options\"><\/span><\/a>\r\n\t\t\t\t\t\t\t\t<\/div>\r\n\t\t\t\t\t\t\t\t\t\t\t\t\t<\/div>\r\n\t\t\t\t\t<\/div>\r\n\t\t\t\t<\/div>\r\n\r\n\t\t\t\r\n\t\t\t\t<div class=\"col-md-6 col-lg-4 post-item\">\r\n\t\t\t\t\t<div id=\"post-7653\" class=\"post post-grid rounded bordered post-7653 type-post status-publish format-standard has-post-thumbnail hentry category-pietons tag-francais\">\r\n\t\t\t\t\t\t\t\t\t\t\t\t\t<div class=\"thumb top-rounded\">\r\n\t\t\t\t\t\t\t\t<a href=\"https:\/\/www.narsa-securiteroutiere.ma\/fr\/category\/pietons\/\" class=\"category-badge position-absolute\">Pi\u00e9tons<\/a>\t\t\t\t\t\t\t\t<div class=\"inner\">\r\n\t\t\t\t\t\t\t\t\t<a href=\"https:\/\/www.narsa-securiteroutiere.ma\/fr\/visibilite-insuffisante-des-vehicules-et-des-pietons-la-nuit-un-risque-majeur-sur-la-route\/\"><img loading=\"lazy\" decoding=\"async\" width=\"550\" height=\"367\" src=\"https:\/\/www.narsa-securiteroutiere.ma\/wp-content\/uploads\/2026\/04\/Visibilite-insuffisante-des-vehicules-et-des-pietons-la-nuit-550x367.jpg\" class=\"attachment-katen-thumb-grid size-katen-thumb-grid wp-post-image\" alt=\"\" srcset=\"https:\/\/www.narsa-securiteroutiere.ma\/wp-content\/uploads\/2026\/04\/Visibilite-insuffisante-des-vehicules-et-des-pietons-la-nuit-550x367.jpg 550w, https:\/\/www.narsa-securiteroutiere.ma\/wp-content\/uploads\/2026\/04\/Visibilite-insuffisante-des-vehicules-et-des-pietons-la-nuit-300x200.jpg 300w, https:\/\/www.narsa-securiteroutiere.ma\/wp-content\/uploads\/2026\/04\/Visibilite-insuffisante-des-vehicules-et-des-pietons-la-nuit-1024x683.jpg 1024w, https:\/\/www.narsa-securiteroutiere.ma\/wp-content\/uploads\/2026\/04\/Visibilite-insuffisante-des-vehicules-et-des-pietons-la-nuit-768x512.jpg 768w, https:\/\/www.narsa-securiteroutiere.ma\/wp-content\/uploads\/2026\/04\/Visibilite-insuffisante-des-vehicules-et-des-pietons-la-nuit-1536x1024.jpg 1536w, https:\/\/www.narsa-securiteroutiere.ma\/wp-content\/uploads\/2026\/04\/Visibilite-insuffisante-des-vehicules-et-des-pietons-la-nuit-18x12.jpg 18w, https:\/\/www.narsa-securiteroutiere.ma\/wp-content\/uploads\/2026\/04\/Visibilite-insuffisante-des-vehicules-et-des-pietons-la-nuit.jpg 1920w\" sizes=\"(max-width: 550px) 100vw, 550px\" \/><\/a>\t\t\t\t\t\t\t\t<\/div>\r\n\t\t\t\t\t\t\t<\/div>\r\n\t\t\t\t\t\t\t\t\t\t\t\t<div class=\"details\">\r\n\r\n\t\t\t\t\t\t\t<ul class=\"meta list-inline mb-0\">\r\n\t\t\t\t\t\t\t\t\t\t\t\t\t\t\t\t\t<li class=\"list-inline-item\">23 Mar 2026<\/li>\r\n\t\t\t\t\t\t\t\t\t\t\t\t\t\t\t<\/ul>\r\n\r\n\t\t\t\t\t\t\t<h5 class=\"post-title mb-3 mt-3\"><a href=\"https:\/\/www.narsa-securiteroutiere.ma\/fr\/visibilite-insuffisante-des-vehicules-et-des-pietons-la-nuit-un-risque-majeur-sur-la-route\/\">Visibilit\u00e9 insuffisante des v\u00e9hicules et des pi\u00e9tons la nuit : un risque majeur sur la route<\/a><\/h5>\r\n\t\t\t\t\t\t\t<p class=\"excerpt mb-0\">\r\n\t\t\t\t\t\t\t\tLa nuit, les conditions de conduite deviennent plus difficiles en raison de la baisse de luminosit\u00e9 et de la r\u00e9duction\u2026\t\t\t\t\t\t\t<\/p>\r\n\t\t\t\t\t\t<\/div>\r\n\t\t\t\t\t\t<div class=\"post-bottom clearfix d-flex align-items-center\">\r\n\t\t\t\t\t\t\t\n    <div class=\"social-share me-auto\">\n        <button class=\"toggle-button icon-share\"><\/button>\n        <ul class=\"icons list-unstyled list-inline mb-0\">\n            <li class=\"list-inline-item\"><a href=\"https:\/\/www.facebook.com\/sharer\/sharer.php?u=https:\/\/www.narsa-securiteroutiere.ma\/fr\/visibilite-insuffisante-des-vehicules-et-des-pietons-la-nuit-un-risque-majeur-sur-la-route\/\" target=\"_blank\"><i class=\"fab fa-facebook-f\"><\/i><\/a><\/li>\n            <li class=\"list-inline-item\"><a href=\"https:\/\/twitter.com\/intent\/tweet?url=https:\/\/www.narsa-securiteroutiere.ma\/fr\/visibilite-insuffisante-des-vehicules-et-des-pietons-la-nuit-un-risque-majeur-sur-la-route\/&text=Visibilit\u00e9 insuffisante des v\u00e9hicules et des pi\u00e9tons la nuit : un risque majeur sur la route\" target=\"_blank\"><i class=\"fab fa-twitter\"><\/i><\/a><\/li>\n            <li class=\"list-inline-item\"><a href=\"https:\/\/www.linkedin.com\/shareArticle?mini=true&url=https:\/\/www.narsa-securiteroutiere.ma\/fr\/visibilite-insuffisante-des-vehicules-et-des-pietons-la-nuit-un-risque-majeur-sur-la-route\/&title=Visibilit\u00e9 insuffisante des v\u00e9hicules et des pi\u00e9tons la nuit : un risque majeur sur la route\" target=\"_blank\"><i class=\"fab fa-linkedin-in\"><\/i><\/a><\/li>\n            <li class=\"list-inline-item\"><a href=\"https:\/\/pinterest.com\/pin\/create\/button\/?url=https:\/\/www.narsa-securiteroutiere.ma\/fr\/visibilite-insuffisante-des-vehicules-et-des-pietons-la-nuit-un-risque-majeur-sur-la-route\/&media=&description=Visibilit\u00e9 insuffisante des v\u00e9hicules et des pi\u00e9tons la nuit : un risque majeur sur la route\" target=\"_blank\"><i class=\"fab fa-pinterest\"><\/i><\/a><\/li>\n            <li class=\"list-inline-item\"><a href=\"https:\/\/t.me\/share\/url?url=https:\/\/www.narsa-securiteroutiere.ma\/fr\/visibilite-insuffisante-des-vehicules-et-des-pietons-la-nuit-un-risque-majeur-sur-la-route\/&text=Visibilit\u00e9 insuffisante des v\u00e9hicules et des pi\u00e9tons la nuit : un risque majeur sur la route\" target=\"_blank\"><i class=\"fab fa-telegram-plane\"><\/i><\/a><\/li>\n            <li class=\"list-inline-item\"><a href=\"mailto:info@example.com?&subject=&cc=&bcc=&body=https:\/\/www.narsa-securiteroutiere.ma\/fr\/visibilite-insuffisante-des-vehicules-et-des-pietons-la-nuit-un-risque-majeur-sur-la-route\/\"><i class=\"far fa-envelope\"><\/i><\/a><\/li>\n        <\/ul>\n    <\/div>\n\n\t\t\t\t\t\t\t\t\t\t\t\t\t\t\t<div class=\"more-button float-end\">\r\n\t\t\t\t\t\t\t\t\t<a href=\"https:\/\/www.narsa-securiteroutiere.ma\/fr\/visibilite-insuffisante-des-vehicules-et-des-pietons-la-nuit-un-risque-majeur-sur-la-route\/\"><span class=\"icon-options\"><\/span><\/a>\r\n\t\t\t\t\t\t\t\t<\/div>\r\n\t\t\t\t\t\t\t\t\t\t\t\t\t<\/div>\r\n\t\t\t\t\t<\/div>\r\n\t\t\t\t<\/div>\r\n\r\n\t\t\t\r\n\t\t\t\t<div class=\"col-md-6 col-lg-4 post-item\">\r\n\t\t\t\t\t<div id=\"post-7651\" class=\"post post-grid rounded bordered post-7651 type-post status-publish format-standard has-post-thumbnail hentry category-ramadan tag-francais\">\r\n\t\t\t\t\t\t\t\t\t\t\t\t\t<div class=\"thumb top-rounded\">\r\n\t\t\t\t\t\t\t\t<a href=\"https:\/\/www.narsa-securiteroutiere.ma\/fr\/category\/ramadan\/\" class=\"category-badge position-absolute\">Ramadan<\/a>\t\t\t\t\t\t\t\t<div class=\"inner\">\r\n\t\t\t\t\t\t\t\t\t<a href=\"https:\/\/www.narsa-securiteroutiere.ma\/fr\/accidents-de-la-route-pendant-le-ramadan-analyse-des-indicateurs-de-mortalite-avant-et-apres-le-mois-sacre\/\"><img loading=\"lazy\" decoding=\"async\" width=\"550\" height=\"367\" src=\"https:\/\/www.narsa-securiteroutiere.ma\/wp-content\/uploads\/2025\/02\/accident-de-voiture-550x367.jpg\" class=\"attachment-katen-thumb-grid size-katen-thumb-grid wp-post-image\" alt=\"accidents ramadan en comparaison avec le reste de l&#039;ann\u00e9e\" srcset=\"https:\/\/www.narsa-securiteroutiere.ma\/wp-content\/uploads\/2025\/02\/accident-de-voiture-550x367.jpg 550w, https:\/\/www.narsa-securiteroutiere.ma\/wp-content\/uploads\/2025\/02\/accident-de-voiture-300x200.jpg 300w, https:\/\/www.narsa-securiteroutiere.ma\/wp-content\/uploads\/2025\/02\/accident-de-voiture-1024x683.jpg 1024w, https:\/\/www.narsa-securiteroutiere.ma\/wp-content\/uploads\/2025\/02\/accident-de-voiture-768x512.jpg 768w, https:\/\/www.narsa-securiteroutiere.ma\/wp-content\/uploads\/2025\/02\/accident-de-voiture-1536x1024.jpg 1536w, https:\/\/www.narsa-securiteroutiere.ma\/wp-content\/uploads\/2025\/02\/accident-de-voiture-18x12.jpg 18w, https:\/\/www.narsa-securiteroutiere.ma\/wp-content\/uploads\/2025\/02\/accident-de-voiture.jpg 1920w\" sizes=\"(max-width: 550px) 100vw, 550px\" \/><\/a>\t\t\t\t\t\t\t\t<\/div>\r\n\t\t\t\t\t\t\t<\/div>\r\n\t\t\t\t\t\t\t\t\t\t\t\t<div class=\"details\">\r\n\r\n\t\t\t\t\t\t\t<ul class=\"meta list-inline mb-0\">\r\n\t\t\t\t\t\t\t\t\t\t\t\t\t\t\t\t\t<li class=\"list-inline-item\">19 Mar 2026<\/li>\r\n\t\t\t\t\t\t\t\t\t\t\t\t\t\t\t<\/ul>\r\n\r\n\t\t\t\t\t\t\t<h5 class=\"post-title mb-3 mt-3\"><a href=\"https:\/\/www.narsa-securiteroutiere.ma\/fr\/accidents-de-la-route-pendant-le-ramadan-analyse-des-indicateurs-de-mortalite-avant-et-apres-le-mois-sacre\/\">Accidents de la route pendant le Ramadan : analyse des indicateurs de mortalit\u00e9 avant et apr\u00e8s le mois sacr\u00e9<\/a><\/h5>\r\n\t\t\t\t\t\t\t<p class=\"excerpt mb-0\">\r\n\t\t\t\t\t\t\t\tLes donn\u00e9es statistiques li\u00e9es aux accidents de la route constituent un outil essentiel pour comprendre l\u2019\u00e9volution des indicateurs de s\u00e9curit\u00e9\u2026\t\t\t\t\t\t\t<\/p>\r\n\t\t\t\t\t\t<\/div>\r\n\t\t\t\t\t\t<div class=\"post-bottom clearfix d-flex align-items-center\">\r\n\t\t\t\t\t\t\t\n    <div class=\"social-share me-auto\">\n        <button class=\"toggle-button icon-share\"><\/button>\n        <ul class=\"icons list-unstyled list-inline mb-0\">\n            <li class=\"list-inline-item\"><a href=\"https:\/\/www.facebook.com\/sharer\/sharer.php?u=https:\/\/www.narsa-securiteroutiere.ma\/fr\/accidents-de-la-route-pendant-le-ramadan-analyse-des-indicateurs-de-mortalite-avant-et-apres-le-mois-sacre\/\" target=\"_blank\"><i class=\"fab fa-facebook-f\"><\/i><\/a><\/li>\n            <li class=\"list-inline-item\"><a href=\"https:\/\/twitter.com\/intent\/tweet?url=https:\/\/www.narsa-securiteroutiere.ma\/fr\/accidents-de-la-route-pendant-le-ramadan-analyse-des-indicateurs-de-mortalite-avant-et-apres-le-mois-sacre\/&text=Accidents de la route pendant le Ramadan : analyse des indicateurs de mortalit\u00e9 avant et apr\u00e8s le mois sacr\u00e9\" target=\"_blank\"><i class=\"fab fa-twitter\"><\/i><\/a><\/li>\n            <li class=\"list-inline-item\"><a href=\"https:\/\/www.linkedin.com\/shareArticle?mini=true&url=https:\/\/www.narsa-securiteroutiere.ma\/fr\/accidents-de-la-route-pendant-le-ramadan-analyse-des-indicateurs-de-mortalite-avant-et-apres-le-mois-sacre\/&title=Accidents de la route pendant le Ramadan : analyse des indicateurs de mortalit\u00e9 avant et apr\u00e8s le mois sacr\u00e9\" target=\"_blank\"><i class=\"fab fa-linkedin-in\"><\/i><\/a><\/li>\n            <li class=\"list-inline-item\"><a href=\"https:\/\/pinterest.com\/pin\/create\/button\/?url=https:\/\/www.narsa-securiteroutiere.ma\/fr\/accidents-de-la-route-pendant-le-ramadan-analyse-des-indicateurs-de-mortalite-avant-et-apres-le-mois-sacre\/&media=&description=Accidents de la route pendant le Ramadan : analyse des indicateurs de mortalit\u00e9 avant et apr\u00e8s le mois sacr\u00e9\" target=\"_blank\"><i class=\"fab fa-pinterest\"><\/i><\/a><\/li>\n            <li class=\"list-inline-item\"><a href=\"https:\/\/t.me\/share\/url?url=https:\/\/www.narsa-securiteroutiere.ma\/fr\/accidents-de-la-route-pendant-le-ramadan-analyse-des-indicateurs-de-mortalite-avant-et-apres-le-mois-sacre\/&text=Accidents de la route pendant le Ramadan : analyse des indicateurs de mortalit\u00e9 avant et apr\u00e8s le mois sacr\u00e9\" target=\"_blank\"><i class=\"fab fa-telegram-plane\"><\/i><\/a><\/li>\n            <li class=\"list-inline-item\"><a href=\"mailto:info@example.com?&subject=&cc=&bcc=&body=https:\/\/www.narsa-securiteroutiere.ma\/fr\/accidents-de-la-route-pendant-le-ramadan-analyse-des-indicateurs-de-mortalite-avant-et-apres-le-mois-sacre\/\"><i class=\"far fa-envelope\"><\/i><\/a><\/li>\n        <\/ul>\n    <\/div>\n\n\t\t\t\t\t\t\t\t\t\t\t\t\t\t\t<div class=\"more-button float-end\">\r\n\t\t\t\t\t\t\t\t\t<a href=\"https:\/\/www.narsa-securiteroutiere.ma\/fr\/accidents-de-la-route-pendant-le-ramadan-analyse-des-indicateurs-de-mortalite-avant-et-apres-le-mois-sacre\/\"><span class=\"icon-options\"><\/span><\/a>\r\n\t\t\t\t\t\t\t\t<\/div>\r\n\t\t\t\t\t\t\t\t\t\t\t\t\t<\/div>\r\n\t\t\t\t\t<\/div>\r\n\t\t\t\t<\/div>\r\n\r\n\t\t\t\r\n\t\t\t\t<div class=\"col-md-6 col-lg-4 post-item\">\r\n\t\t\t\t\t<div id=\"post-7646\" class=\"post post-grid rounded bordered post-7646 type-post status-publish format-standard has-post-thumbnail hentry category-securite-routiere tag-francais\">\r\n\t\t\t\t\t\t\t\t\t\t\t\t\t<div class=\"thumb top-rounded\">\r\n\t\t\t\t\t\t\t\t<a href=\"https:\/\/www.narsa-securiteroutiere.ma\/fr\/category\/securite-routiere\/\" class=\"category-badge position-absolute\">S\u00e9curit\u00e9 routi\u00e8re<\/a>\t\t\t\t\t\t\t\t<div class=\"inner\">\r\n\t\t\t\t\t\t\t\t\t<a href=\"https:\/\/www.narsa-securiteroutiere.ma\/fr\/vacances-de-laid-recommandations-pour-eviter-les-accidents-de-la-route\/\"><img loading=\"lazy\" decoding=\"async\" width=\"550\" height=\"367\" src=\"https:\/\/www.narsa-securiteroutiere.ma\/wp-content\/uploads\/2026\/03\/Vacances-de-lAid-recommandations-pour-eviter-les-accidents-de-la-route-550x367.jpg\" class=\"attachment-katen-thumb-grid size-katen-thumb-grid wp-post-image\" alt=\"Vacances de l\u2019A\u00efd\u202f recommandations pour \u00e9viter les accidents de la route\" srcset=\"https:\/\/www.narsa-securiteroutiere.ma\/wp-content\/uploads\/2026\/03\/Vacances-de-lAid-recommandations-pour-eviter-les-accidents-de-la-route-550x367.jpg 550w, https:\/\/www.narsa-securiteroutiere.ma\/wp-content\/uploads\/2026\/03\/Vacances-de-lAid-recommandations-pour-eviter-les-accidents-de-la-route-300x200.jpg 300w, https:\/\/www.narsa-securiteroutiere.ma\/wp-content\/uploads\/2026\/03\/Vacances-de-lAid-recommandations-pour-eviter-les-accidents-de-la-route-1024x683.jpg 1024w, https:\/\/www.narsa-securiteroutiere.ma\/wp-content\/uploads\/2026\/03\/Vacances-de-lAid-recommandations-pour-eviter-les-accidents-de-la-route-768x512.jpg 768w, https:\/\/www.narsa-securiteroutiere.ma\/wp-content\/uploads\/2026\/03\/Vacances-de-lAid-recommandations-pour-eviter-les-accidents-de-la-route-1536x1024.jpg 1536w, https:\/\/www.narsa-securiteroutiere.ma\/wp-content\/uploads\/2026\/03\/Vacances-de-lAid-recommandations-pour-eviter-les-accidents-de-la-route-18x12.jpg 18w, https:\/\/www.narsa-securiteroutiere.ma\/wp-content\/uploads\/2026\/03\/Vacances-de-lAid-recommandations-pour-eviter-les-accidents-de-la-route.jpg 1920w\" sizes=\"(max-width: 550px) 100vw, 550px\" \/><\/a>\t\t\t\t\t\t\t\t<\/div>\r\n\t\t\t\t\t\t\t<\/div>\r\n\t\t\t\t\t\t\t\t\t\t\t\t<div class=\"details\">\r\n\r\n\t\t\t\t\t\t\t<ul class=\"meta list-inline mb-0\">\r\n\t\t\t\t\t\t\t\t\t\t\t\t\t\t\t\t\t<li class=\"list-inline-item\">18 Mar 2026<\/li>\r\n\t\t\t\t\t\t\t\t\t\t\t\t\t\t\t<\/ul>\r\n\r\n\t\t\t\t\t\t\t<h5 class=\"post-title mb-3 mt-3\"><a href=\"https:\/\/www.narsa-securiteroutiere.ma\/fr\/vacances-de-laid-recommandations-pour-eviter-les-accidents-de-la-route\/\">Vacances de l\u2019A\u00efd\u202f: recommandations pour \u00e9viter les accidents de la route<\/a><\/h5>\r\n\t\t\t\t\t\t\t<p class=\"excerpt mb-0\">\r\n\t\t\t\t\t\t\t\tLes vacances de l\u2019A\u00efd entra\u00eenent une augmentation significative des d\u00e9placements sur l\u2019ensemble des r\u00e9seaux routiers, ce qui se traduit directement\u2026\t\t\t\t\t\t\t<\/p>\r\n\t\t\t\t\t\t<\/div>\r\n\t\t\t\t\t\t<div class=\"post-bottom clearfix d-flex align-items-center\">\r\n\t\t\t\t\t\t\t\n    <div class=\"social-share me-auto\">\n        <button class=\"toggle-button icon-share\"><\/button>\n        <ul class=\"icons list-unstyled list-inline mb-0\">\n            <li class=\"list-inline-item\"><a href=\"https:\/\/www.facebook.com\/sharer\/sharer.php?u=https:\/\/www.narsa-securiteroutiere.ma\/fr\/vacances-de-laid-recommandations-pour-eviter-les-accidents-de-la-route\/\" target=\"_blank\"><i class=\"fab fa-facebook-f\"><\/i><\/a><\/li>\n            <li class=\"list-inline-item\"><a href=\"https:\/\/twitter.com\/intent\/tweet?url=https:\/\/www.narsa-securiteroutiere.ma\/fr\/vacances-de-laid-recommandations-pour-eviter-les-accidents-de-la-route\/&text=Vacances de l\u2019A\u00efd\u202f: recommandations pour \u00e9viter les accidents de la route\" target=\"_blank\"><i class=\"fab fa-twitter\"><\/i><\/a><\/li>\n            <li class=\"list-inline-item\"><a href=\"https:\/\/www.linkedin.com\/shareArticle?mini=true&url=https:\/\/www.narsa-securiteroutiere.ma\/fr\/vacances-de-laid-recommandations-pour-eviter-les-accidents-de-la-route\/&title=Vacances de l\u2019A\u00efd\u202f: recommandations pour \u00e9viter les accidents de la route\" target=\"_blank\"><i class=\"fab fa-linkedin-in\"><\/i><\/a><\/li>\n            <li class=\"list-inline-item\"><a href=\"https:\/\/pinterest.com\/pin\/create\/button\/?url=https:\/\/www.narsa-securiteroutiere.ma\/fr\/vacances-de-laid-recommandations-pour-eviter-les-accidents-de-la-route\/&media=&description=Vacances de l\u2019A\u00efd\u202f: recommandations pour \u00e9viter les accidents de la route\" target=\"_blank\"><i class=\"fab fa-pinterest\"><\/i><\/a><\/li>\n            <li class=\"list-inline-item\"><a href=\"https:\/\/t.me\/share\/url?url=https:\/\/www.narsa-securiteroutiere.ma\/fr\/vacances-de-laid-recommandations-pour-eviter-les-accidents-de-la-route\/&text=Vacances de l\u2019A\u00efd\u202f: recommandations pour \u00e9viter les accidents de la route\" target=\"_blank\"><i class=\"fab fa-telegram-plane\"><\/i><\/a><\/li>\n            <li class=\"list-inline-item\"><a href=\"mailto:info@example.com?&subject=&cc=&bcc=&body=https:\/\/www.narsa-securiteroutiere.ma\/fr\/vacances-de-laid-recommandations-pour-eviter-les-accidents-de-la-route\/\"><i class=\"far fa-envelope\"><\/i><\/a><\/li>\n        <\/ul>\n    <\/div>\n\n\t\t\t\t\t\t\t\t\t\t\t\t\t\t\t<div class=\"more-button float-end\">\r\n\t\t\t\t\t\t\t\t\t<a href=\"https:\/\/www.narsa-securiteroutiere.ma\/fr\/vacances-de-laid-recommandations-pour-eviter-les-accidents-de-la-route\/\"><span class=\"icon-options\"><\/span><\/a>\r\n\t\t\t\t\t\t\t\t<\/div>\r\n\t\t\t\t\t\t\t\t\t\t\t\t\t<\/div>\r\n\t\t\t\t\t<\/div>\r\n\t\t\t\t<\/div>\r\n\r\n\t\t\t\r\n\t\t<\/div>\r\n\r\n\t\t<div class=\"mt-5\"><ul class=\"pagination justify-content-center d-none\"><li class='list-inline-item'><span aria-current=\"page\" class=\"page-numbers current\">1<\/span><\/li><li class='list-inline-item'><a class=\"page-numbers\" href=\"https:\/\/www.narsa-securiteroutiere.ma\/fr\/wp-json\/wp\/v2\/pages\/6263\/page\/2\/\">2<\/a><\/li><li class='list-inline-item'><a class=\"page-numbers\" href=\"https:\/\/www.narsa-securiteroutiere.ma\/fr\/wp-json\/wp\/v2\/pages\/6263\/page\/3\/\">3<\/a><\/li><li class='list-inline-item'><span class=\"page-numbers dots\">\u2026<\/span><\/li><li class='list-inline-item'><a class=\"page-numbers\" href=\"https:\/\/www.narsa-securiteroutiere.ma\/fr\/wp-json\/wp\/v2\/pages\/6263\/page\/21\/\">21<\/a><\/li><\/ul><div class=\"load-more text-center\">\n      <a href=\"javascript:\" class=\"btn btn-simple\"><i class=\"fas fa-spinner\"><\/i>Load more<\/a>\n    <\/div><\/div>\r\n\t\t\r\n        \t\t\t\t<\/div>\n\t\t\t\t<\/div>\n\t\t\t\t\t<\/div>\n\t\t\t\t<\/div>\n\t\t<div class=\"elementor-element elementor-element-ed6efb3 e-flex e-con-boxed e-con e-parent\" data-id=\"ed6efb3\" data-element_type=\"container\" data-e-type=\"container\">\n\t\t\t\t\t<div class=\"e-con-inner\">\n\t\t\t\t<div class=\"elementor-element elementor-element-20f7ed2 elementor-widget elementor-widget-html\" data-id=\"20f7ed2\" data-element_type=\"widget\" data-e-type=\"widget\" data-widget_type=\"html.default\">\n\t\t\t\t<div class=\"elementor-widget-container\">\n\t\t\t\t\t\t\t\t\t<\/div>\n\t\t\t\t<\/div>\n\t\t\t\t\t<\/div>\n\t\t\t\t<\/div>\n\t\t\t\t<\/div>\n\t\t","protected":false},"excerpt":{"rendered":"","protected":false},"author":5,"featured_media":0,"parent":0,"menu_order":0,"comment_status":"closed","ping_status":"closed","template":"elementor_header_footer","meta":{"footnotes":""},"class_list":["post-6263","page","type-page","status-publish","hentry"],"yoast_head":"<!-- This site is optimized with the Yoast SEO plugin v27.1.1 - https:\/\/yoast.com\/product\/yoast-seo-wordpress\/ -->\n<title>Tous les articles - S\u00e9curit\u00e9 Routi\u00e8re<\/title>\n<meta name=\"robots\" content=\"index, follow, max-snippet:-1, max-image-preview:large, max-video-preview:-1\" \/>\n<link rel=\"canonical\" href=\"https:\/\/www.narsa-securiteroutiere.ma\/fr\/tous-articles\/\" \/>\n<meta property=\"og:locale\" content=\"fr_FR\" \/>\n<meta property=\"og:type\" content=\"article\" \/>\n<meta property=\"og:title\" content=\"Tous les articles - S\u00e9curit\u00e9 Routi\u00e8re\" \/>\n<meta property=\"og:url\" content=\"https:\/\/www.narsa-securiteroutiere.ma\/fr\/tous-articles\/\" \/>\n<meta property=\"og:site_name\" content=\"S\u00e9curit\u00e9 Routi\u00e8re\" \/>\n<meta property=\"article:modified_time\" content=\"2024-11-12T17:57:41+00:00\" \/>\n<meta property=\"og:image\" content=\"https:\/\/www.narsa-securiteroutiere.ma\/wp-content\/uploads\/2024\/10\/shutterstock_1322885987-550x367.jpg\" \/>\n<meta name=\"twitter:card\" content=\"summary_large_image\" \/>\n<meta name=\"twitter:label1\" content=\"Dur\u00e9e de lecture estim\u00e9e\" \/>\n\t<meta name=\"twitter:data1\" content=\"7 minutes\" \/>\n<script type=\"application\/ld+json\" class=\"yoast-schema-graph\">{\"@context\":\"https:\/\/schema.org\",\"@graph\":[{\"@type\":\"WebPage\",\"@id\":\"https:\/\/www.narsa-securiteroutiere.ma\/fr\/tous-articles\/\",\"url\":\"https:\/\/www.narsa-securiteroutiere.ma\/fr\/tous-articles\/\",\"name\":\"Tous les articles - S\u00e9curit\u00e9 Routi\u00e8re\",\"isPartOf\":{\"@id\":\"https:\/\/www.narsa-securiteroutiere.ma\/fr\/#website\"},\"primaryImageOfPage\":{\"@id\":\"https:\/\/www.narsa-securiteroutiere.ma\/fr\/tous-articles\/#primaryimage\"},\"image\":{\"@id\":\"https:\/\/www.narsa-securiteroutiere.ma\/fr\/tous-articles\/#primaryimage\"},\"thumbnailUrl\":\"https:\/\/www.narsa-securiteroutiere.ma\/wp-content\/uploads\/2024\/10\/shutterstock_1322885987-550x367.jpg\",\"datePublished\":\"2024-04-26T17:35:49+00:00\",\"dateModified\":\"2024-11-12T17:57:41+00:00\",\"inLanguage\":\"fr-FR\",\"potentialAction\":[{\"@type\":\"ReadAction\",\"target\":[\"https:\/\/www.narsa-securiteroutiere.ma\/fr\/tous-articles\/\"]}]},{\"@type\":\"ImageObject\",\"inLanguage\":\"fr-FR\",\"@id\":\"https:\/\/www.narsa-securiteroutiere.ma\/fr\/tous-articles\/#primaryimage\",\"url\":\"https:\/\/www.narsa-securiteroutiere.ma\/wp-content\/uploads\/2024\/10\/shutterstock_1322885987-550x367.jpg\",\"contentUrl\":\"https:\/\/www.narsa-securiteroutiere.ma\/wp-content\/uploads\/2024\/10\/shutterstock_1322885987-550x367.jpg\"},{\"@type\":\"WebSite\",\"@id\":\"https:\/\/www.narsa-securiteroutiere.ma\/fr\/#website\",\"url\":\"https:\/\/www.narsa-securiteroutiere.ma\/fr\/\",\"name\":\"S\u00e9curit\u00e9 Routi\u00e8re\",\"description\":\"\",\"publisher\":{\"@id\":\"https:\/\/www.narsa-securiteroutiere.ma\/fr\/#organization\"},\"potentialAction\":[{\"@type\":\"SearchAction\",\"target\":{\"@type\":\"EntryPoint\",\"urlTemplate\":\"https:\/\/www.narsa-securiteroutiere.ma\/fr\/?s={search_term_string}\"},\"query-input\":{\"@type\":\"PropertyValueSpecification\",\"valueRequired\":true,\"valueName\":\"search_term_string\"}}],\"inLanguage\":\"fr-FR\"},{\"@type\":\"Organization\",\"@id\":\"https:\/\/www.narsa-securiteroutiere.ma\/fr\/#organization\",\"name\":\"S\u00e9curit\u00e9 Routi\u00e8re\",\"url\":\"https:\/\/www.narsa-securiteroutiere.ma\/fr\/\",\"logo\":{\"@type\":\"ImageObject\",\"inLanguage\":\"fr-FR\",\"@id\":\"https:\/\/www.narsa-securiteroutiere.ma\/fr\/#\/schema\/logo\/image\/\",\"url\":\"https:\/\/www.narsa-securiteroutiere.ma\/wp-content\/uploads\/2024\/04\/logo-scuriteroutiere.png\",\"contentUrl\":\"https:\/\/www.narsa-securiteroutiere.ma\/wp-content\/uploads\/2024\/04\/logo-scuriteroutiere.png\",\"width\":222,\"height\":137,\"caption\":\"S\u00e9curit\u00e9 Routi\u00e8re\"},\"image\":{\"@id\":\"https:\/\/www.narsa-securiteroutiere.ma\/fr\/#\/schema\/logo\/image\/\"}}]}<\/script>\n<!-- \/ Yoast SEO plugin. -->","yoast_head_json":{"title":"Tous les articles - S\u00e9curit\u00e9 Routi\u00e8re","robots":{"index":"index","follow":"follow","max-snippet":"max-snippet:-1","max-image-preview":"max-image-preview:large","max-video-preview":"max-video-preview:-1"},"canonical":"https:\/\/www.narsa-securiteroutiere.ma\/fr\/tous-articles\/","og_locale":"fr_FR","og_type":"article","og_title":"Tous les articles - S\u00e9curit\u00e9 Routi\u00e8re","og_url":"https:\/\/www.narsa-securiteroutiere.ma\/fr\/tous-articles\/","og_site_name":"S\u00e9curit\u00e9 Routi\u00e8re","article_modified_time":"2024-11-12T17:57:41+00:00","og_image":[{"url":"https:\/\/www.narsa-securiteroutiere.ma\/wp-content\/uploads\/2024\/10\/shutterstock_1322885987-550x367.jpg","type":"","width":"","height":""}],"twitter_card":"summary_large_image","twitter_misc":{"Dur\u00e9e de lecture estim\u00e9e":"7 minutes"},"schema":{"@context":"https:\/\/schema.org","@graph":[{"@type":"WebPage","@id":"https:\/\/www.narsa-securiteroutiere.ma\/fr\/tous-articles\/","url":"https:\/\/www.narsa-securiteroutiere.ma\/fr\/tous-articles\/","name":"Tous les articles - S\u00e9curit\u00e9 Routi\u00e8re","isPartOf":{"@id":"https:\/\/www.narsa-securiteroutiere.ma\/fr\/#website"},"primaryImageOfPage":{"@id":"https:\/\/www.narsa-securiteroutiere.ma\/fr\/tous-articles\/#primaryimage"},"image":{"@id":"https:\/\/www.narsa-securiteroutiere.ma\/fr\/tous-articles\/#primaryimage"},"thumbnailUrl":"https:\/\/www.narsa-securiteroutiere.ma\/wp-content\/uploads\/2024\/10\/shutterstock_1322885987-550x367.jpg","datePublished":"2024-04-26T17:35:49+00:00","dateModified":"2024-11-12T17:57:41+00:00","inLanguage":"fr-FR","potentialAction":[{"@type":"ReadAction","target":["https:\/\/www.narsa-securiteroutiere.ma\/fr\/tous-articles\/"]}]},{"@type":"ImageObject","inLanguage":"fr-FR","@id":"https:\/\/www.narsa-securiteroutiere.ma\/fr\/tous-articles\/#primaryimage","url":"https:\/\/www.narsa-securiteroutiere.ma\/wp-content\/uploads\/2024\/10\/shutterstock_1322885987-550x367.jpg","contentUrl":"https:\/\/www.narsa-securiteroutiere.ma\/wp-content\/uploads\/2024\/10\/shutterstock_1322885987-550x367.jpg"},{"@type":"WebSite","@id":"https:\/\/www.narsa-securiteroutiere.ma\/fr\/#website","url":"https:\/\/www.narsa-securiteroutiere.ma\/fr\/","name":"S\u00e9curit\u00e9 Routi\u00e8re","description":"","publisher":{"@id":"https:\/\/www.narsa-securiteroutiere.ma\/fr\/#organization"},"potentialAction":[{"@type":"SearchAction","target":{"@type":"EntryPoint","urlTemplate":"https:\/\/www.narsa-securiteroutiere.ma\/fr\/?s={search_term_string}"},"query-input":{"@type":"PropertyValueSpecification","valueRequired":true,"valueName":"search_term_string"}}],"inLanguage":"fr-FR"},{"@type":"Organization","@id":"https:\/\/www.narsa-securiteroutiere.ma\/fr\/#organization","name":"S\u00e9curit\u00e9 Routi\u00e8re","url":"https:\/\/www.narsa-securiteroutiere.ma\/fr\/","logo":{"@type":"ImageObject","inLanguage":"fr-FR","@id":"https:\/\/www.narsa-securiteroutiere.ma\/fr\/#\/schema\/logo\/image\/","url":"https:\/\/www.narsa-securiteroutiere.ma\/wp-content\/uploads\/2024\/04\/logo-scuriteroutiere.png","contentUrl":"https:\/\/www.narsa-securiteroutiere.ma\/wp-content\/uploads\/2024\/04\/logo-scuriteroutiere.png","width":222,"height":137,"caption":"S\u00e9curit\u00e9 Routi\u00e8re"},"image":{"@id":"https:\/\/www.narsa-securiteroutiere.ma\/fr\/#\/schema\/logo\/image\/"}}]}},"_links":{"self":[{"href":"https:\/\/www.narsa-securiteroutiere.ma\/fr\/wp-json\/wp\/v2\/pages\/6263","targetHints":{"allow":["GET"]}}],"collection":[{"href":"https:\/\/www.narsa-securiteroutiere.ma\/fr\/wp-json\/wp\/v2\/pages"}],"about":[{"href":"https:\/\/www.narsa-securiteroutiere.ma\/fr\/wp-json\/wp\/v2\/types\/page"}],"author":[{"embeddable":true,"href":"https:\/\/www.narsa-securiteroutiere.ma\/fr\/wp-json\/wp\/v2\/users\/5"}],"replies":[{"embeddable":true,"href":"https:\/\/www.narsa-securiteroutiere.ma\/fr\/wp-json\/wp\/v2\/comments?post=6263"}],"version-history":[{"count":16,"href":"https:\/\/www.narsa-securiteroutiere.ma\/fr\/wp-json\/wp\/v2\/pages\/6263\/revisions"}],"predecessor-version":[{"id":7115,"href":"https:\/\/www.narsa-securiteroutiere.ma\/fr\/wp-json\/wp\/v2\/pages\/6263\/revisions\/7115"}],"wp:attachment":[{"href":"https:\/\/www.narsa-securiteroutiere.ma\/fr\/wp-json\/wp\/v2\/media?parent=6263"}],"curies":[{"name":"wp","href":"https:\/\/api.w.org\/{rel}","templated":true}]}}